{"id":600,"date":"2021-06-02T06:28:00","date_gmt":"2021-06-02T05:28:00","guid":{"rendered":"https:\/\/blog.icwt.hu\/ctl-paris\/?page_id=600"},"modified":"2023-11-20T16:38:53","modified_gmt":"2023-11-20T15:38:53","slug":"classement","status":"publish","type":"page","link":"https:\/\/blog.icwt.hu\/ctl-paris\/remarques\/classement\/","title":{"rendered":"Classement"},"content":{"rendered":"<h2>2005<\/h2>\n<ul>\n<li>(01.01 \/ 01.28) Janvier<br \/>\nAndr\u00e9 \u2013 mint \u00e1ltal\u00e1ban: r\u00f6vid, l\u00e9nyegret\u00f6r\u0151, ellentmond\u00e1st nem t\u0171r\u0151 utas\u00edt\u00e1sok<br \/>\nSebastien \u2013 seg\u00edt\u0151k\u00e9sz de lekezel\u0151: oldj meg mindent online, telefonon, erre van Trinity, stb.<\/li>\n<li><em><strong>(01.01) Jour de l&#8217;an<\/strong><\/em> \u2013 er\u0151s \u00e9s hat\u00e1rozott m\u00e1snap, kiss\u00e9 hom\u00e1lyos<\/li>\n<li><strong>(01.01) Souvenir<\/strong> \u2013 mivel nem voltam tag \u00e9s bar\u00e1tok sem voltak, ebb\u0151l kimaradtam<\/li>\n<li><strong>(01.06) Intemporalit\u00e9<\/strong> \u2013 a koncepci\u00f3t elm\u00e9letben \u00e9rtem, a gyakorlat majd j\u00f6v\u0151re<\/li>\n<li>(01.29 \/ 02.25) F\u00e9vrier<br \/>\nDixie \u2013 improviz\u00e1ci\u00f3s sz\u00ednh\u00e1z<br \/>\nPetit QT \u2013 csak telefonos seg\u00edts\u00e9gny\u00fajt\u00e1s, de az 0-24 m\u0171k\u00f6d\u00f6tt<\/li>\n<li><strong>(01.29) \u00c9puration<\/strong> \u2013 m\u00e9g egy \u00fcnnep, amib\u0151l ki lett\u00fcnk hagyva<\/li>\n<li>(02.26 \/ 03.25) Mars<br \/>\nTrixie \u2013 Mme &#8222;Ordnung mu\u00df sein&#8221;<br \/>\nDamien \u2013 egyel\u0151re kedves, mint \u00e1ltal\u00e1ban<\/li>\n<li>(03.26 \/ 04.22) Avril<\/li>\n<li><em><strong>(03.27) P\u00e2ques<\/strong><\/em> \u2013<\/li>\n<li><em><strong>(03.28) Lundi de P\u00e2ques<\/strong><\/em> \u2013<\/li>\n<li>(04.23 \/ 05.20) Mai<\/li>\n<li><strong>(04.23) D\u00e9fense<\/strong> \u2013<\/li>\n<li><em><strong>(05.01) F\u00eate du Travail<\/strong><\/em> \u2013<\/li>\n<li><em><strong>(05.05) Jeudi de l&#8217;Ascension<\/strong><\/em> \u2013<\/li>\n<li><em><strong>(05.08) F\u00eate de la Victoire<\/strong><\/em> \u2013<\/li>\n<li><em><strong>(05.15) Lundi de Pentec\u00f4te<\/strong><\/em> \u2013<\/li>\n<li>(05.21 \/ 06.17) Juin<\/li>\n<li>(06.18 \/ 07.15) Orcus<\/li>\n<li><em><strong>(07.14) F\u00eate Nationale<\/strong><\/em> \u2013<\/li>\n<li>(07.16 \/ 08.12) Juillet<\/li>\n<li><strong>(08.01) Essai<\/strong> \u2013<\/li>\n<li>(08.13 \/ 09.09) Ao\u00fbt<\/li>\n<li><em><strong>(08.15) Assomption<\/strong><\/em> \u2013<\/li>\n<li>(09.10 \/ 10.07) Septembre<\/li>\n<li>(10.08 \/ 11.04) Octobre<\/li>\n<li><strong>(10.31) Reconnaissance<\/strong> \u2013<\/li>\n<li><em><strong>(11.01) Toussaint<\/strong><\/em> \u2013<\/li>\n<li>(11.05 \/ 12.02) Novembre<\/li>\n<li><em><strong>(11.11) Armistice<\/strong><\/em> \u2013<\/li>\n<li>(12.03 \/ 12.30) D\u00e9cembre<\/li>\n<li><em><strong>(12.25) No\u00ebl<\/strong><\/em> \u2013<\/li>\n<li><strong>(12.31) Fer et Or<\/strong> \u2013<\/li>\n<\/ul>\n","protected":false},"excerpt":{"rendered":"<p>2005 (01.01 \/ 01.28) Janvier Andr\u00e9 \u2013 mint \u00e1ltal\u00e1ban: r\u00f6vid, l\u00e9nyegret\u00f6r\u0151, ellentmond\u00e1st nem t\u0171r\u0151 utas\u00edt\u00e1sok Sebastien \u2013 seg\u00edt\u0151k\u00e9sz de lekezel\u0151: oldj meg mindent online, telefonon, erre van Trinity, stb. (01.01) Jour de l&#8217;an \u2013 er\u0151s \u00e9s hat\u00e1rozott m\u00e1snap, kiss\u00e9 hom\u00e1lyos (01.01) Souvenir \u2013 mivel nem voltam tag \u00e9s bar\u00e1tok sem voltak, ebb\u0151l kimaradtam (01.06) Intemporalit\u00e9 [&hellip;]<\/p>\n","protected":false},"author":2,"featured_media":0,"parent":588,"menu_order":0,"comment_status":"closed","ping_status":"closed","template":"","meta":{"footnotes":""},"class_list":["post-600","page","type-page","status-publish","hentry"],"_links":{"self":[{"href":"https:\/\/blog.icwt.hu\/ctl-paris\/wp-json\/wp\/v2\/pages\/600","targetHints":{"allow":["GET"]}}],"collection":[{"href":"https:\/\/blog.icwt.hu\/ctl-paris\/wp-json\/wp\/v2\/pages"}],"about":[{"href":"https:\/\/blog.icwt.hu\/ctl-paris\/wp-json\/wp\/v2\/types\/page"}],"author":[{"embeddable":true,"href":"https:\/\/blog.icwt.hu\/ctl-paris\/wp-json\/wp\/v2\/users\/2"}],"replies":[{"embeddable":true,"href":"https:\/\/blog.icwt.hu\/ctl-paris\/wp-json\/wp\/v2\/comments?post=600"}],"version-history":[{"count":0,"href":"https:\/\/blog.icwt.hu\/ctl-paris\/wp-json\/wp\/v2\/pages\/600\/revisions"}],"up":[{"embeddable":true,"href":"https:\/\/blog.icwt.hu\/ctl-paris\/wp-json\/wp\/v2\/pages\/588"}],"wp:attachment":[{"href":"https:\/\/blog.icwt.hu\/ctl-paris\/wp-json\/wp\/v2\/media?parent=600"}],"curies":[{"name":"wp","href":"https:\/\/api.w.org\/{rel}","templated":true}]}}